{"id":567,"date":"2014-01-21T18:47:29","date_gmt":"2014-01-21T17:47:29","guid":{"rendered":"http:\/\/www.xn--mks-lningen-vfb.de\/?page_id=567"},"modified":"2014-09-18T19:07:22","modified_gmt":"2014-09-18T18:07:22","slug":"sprachtherapie","status":"publish","type":"page","link":"https:\/\/www.xn--mks-lningen-vfb.de\/?page_id=567","title":{"rendered":"Sprachtherapie\/-f\u00f6rderung"},"content":{"rendered":"<p style=\"text-align: justify;\">An unserer Schule arbeiten F\u00f6rderschullehrerinnen und -lehrer, die speziell in der Fachrichtung Sprachheil- bzw. Sprachbehindertenp\u00e4dagogik ein Studium absolviert haben. Dadurch sind wir in der Lage, die Lernbed\u00fcrfnisse von Kindern mit F\u00f6rderbedarf im Bereich der Sprache diagnostisch zu ermitteln und den Unterricht f\u00fcr die sprachliche Entwicklung individuell so zu gestalten, dass es zu einer Verbindung von Sprachtherapie und Unterricht zum therapieimmanenten Unterricht kommt. Auf der Grundlage einer didaktisch &#8211; erziehungswissenschaftlichen Ausbildung verf\u00fcgen diese F\u00f6rderschullehrkr\u00e4fte \u00fcber eine sonderp\u00e4dagogische Spezialqualifikation, die f\u00fcr den F\u00f6rderschwerpunkt Sprache die diagnosegest\u00fctzte und hypothesengesteuerte Vermittlung von Sprache beherrschen, und zwar in allen Modalit\u00e4ten. Dies gilt sowohl f\u00fcr die Laut- und Schriftsprache, das Sprachverst\u00e4ndnis und die Sprachproduktion, wie f\u00fcr die verschiedenen Gestaltungsebenen in den Bereichen von Aussprache, Lexikon, Grammatik, Rede, Stimme usw.<\/p>\n<p style=\"text-align: justify;\">\u00dcber den therapieimmanenten Unterricht hinaus gibt es in K\u00fcrze an unserer Schule eine fest angestellte Logop\u00e4din, die in Einzeltherapie mit unseren Sch\u00fclerinnen und Sch\u00fclern intensiv arbeitet.<\/p>\n<p style=\"text-align: justify;\">Dies ist ein spezielles Angebot unserer Schule, das den Kindern ohne Vorlage einer \u00e4rztlichen Verordnung zur Verf\u00fcgung steht.<\/p>\n<p>&nbsp;<\/p>\n<p>&nbsp;<\/p>\n","protected":false},"excerpt":{"rendered":"<p>An unserer Schule arbeiten F\u00f6rderschullehrerinnen und -lehrer, die speziell in der Fachrichtung Sprachheil- bzw. Sprachbehindertenp\u00e4dagogik ein Studium absolviert haben. Dadurch sind wir in der Lage, die Lernbed\u00fcrfnisse von Kindern mit F\u00f6rderbedarf im Bereich der Sprache diagnostisch zu ermitteln und den &hellip; <a href=\"https:\/\/www.xn--mks-lningen-vfb.de\/?page_id=567\">Weiterlesen <span class=\"meta-nav\">&rarr;<\/span><\/a><\/p>\n","protected":false},"author":2,"featured_media":0,"parent":45,"menu_order":0,"comment_status":"closed","ping_status":"open","template":"","meta":{"footnotes":"","_links_to":"","_links_to_target":""},"class_list":["post-567","page","type-page","status-publish","hentry"],"_links":{"self":[{"href":"https:\/\/www.xn--mks-lningen-vfb.de\/index.php?rest_route=\/wp\/v2\/pages\/567","targetHints":{"allow":["GET"]}}],"collection":[{"href":"https:\/\/www.xn--mks-lningen-vfb.de\/index.php?rest_route=\/wp\/v2\/pages"}],"about":[{"href":"https:\/\/www.xn--mks-lningen-vfb.de\/index.php?rest_route=\/wp\/v2\/types\/page"}],"author":[{"embeddable":true,"href":"https:\/\/www.xn--mks-lningen-vfb.de\/index.php?rest_route=\/wp\/v2\/users\/2"}],"replies":[{"embeddable":true,"href":"https:\/\/www.xn--mks-lningen-vfb.de\/index.php?rest_route=%2Fwp%2Fv2%2Fcomments&post=567"}],"version-history":[{"count":3,"href":"https:\/\/www.xn--mks-lningen-vfb.de\/index.php?rest_route=\/wp\/v2\/pages\/567\/revisions"}],"predecessor-version":[{"id":571,"href":"https:\/\/www.xn--mks-lningen-vfb.de\/index.php?rest_route=\/wp\/v2\/pages\/567\/revisions\/571"}],"up":[{"embeddable":true,"href":"https:\/\/www.xn--mks-lningen-vfb.de\/index.php?rest_route=\/wp\/v2\/pages\/45"}],"wp:attachment":[{"href":"https:\/\/www.xn--mks-lningen-vfb.de\/index.php?rest_route=%2Fwp%2Fv2%2Fmedia&parent=567"}],"curies":[{"name":"wp","href":"https:\/\/api.w.org\/{rel}","templated":true}]}}