{"id":558,"date":"2014-01-21T18:36:48","date_gmt":"2014-01-21T17:36:48","guid":{"rendered":"http:\/\/www.xn--mks-lningen-vfb.de\/?page_id=558"},"modified":"2016-11-04T08:09:48","modified_gmt":"2016-11-04T07:09:48","slug":"therapeutisches-reiten","status":"publish","type":"page","link":"https:\/\/www.xn--mks-lningen-vfb.de\/?page_id=558","title":{"rendered":"Therapeutisches Reiten"},"content":{"rendered":"<p style=\"text-align: justify;\">Der Primarbereich des F\u00f6rderschwerpunktes Geistige Entwicklung nimmt einmal w\u00f6chentlich am therapeutischen Reiten teil. Unter der fachkundigen Anleitung der Reitlehrerin Andrea Pahl k\u00f6nnen die Kinder vielf\u00e4ltige Erfahrungen an, auf und mit den Pferden \u201eMona\u201c und \u201eMiss Marple\u201c machen.<\/p>\n<p style=\"text-align: justify;\"><img loading=\"lazy\" decoding=\"async\" class=\"alignleft wp-image-9620 size-thumbnail\" src=\"http:\/\/www.xn--mks-lningen-vfb.de\/wp-content\/uploads\/2014\/01\/Reiten-2a-150x150.jpg\" alt=\"Reiten (2a\" width=\"150\" height=\"150\" data-id=\"9620\" \/><\/p>\n<p style=\"text-align: justify;\"><a href=\"http:\/\/www.xn--mks-lningen-vfb.de\/wp-content\/uploads\/2014\/01\/Reiten-4.jpg\" rel=\"lightbox[558]\"><img loading=\"lazy\" decoding=\"async\" class=\"alignnone wp-image-9619 size-thumbnail\" src=\"http:\/\/www.xn--mks-lningen-vfb.de\/wp-content\/uploads\/2014\/01\/Reiten-4-150x150.jpg\" alt=\"Reiten (4)\" width=\"150\" height=\"150\" data-id=\"9619\" \/><\/a><a href=\"http:\/\/www.xn--mks-lningen-vfb.de\/wp-content\/uploads\/2014\/01\/Reiten-7a.jpg\" rel=\"lightbox[558]\"><img loading=\"lazy\" decoding=\"async\" class=\"alignright wp-image-9621 size-thumbnail\" src=\"http:\/\/www.xn--mks-lningen-vfb.de\/wp-content\/uploads\/2014\/01\/Reiten-7a-150x150.jpg\" alt=\"Reiten (7a\" width=\"150\" height=\"150\" data-id=\"9621\" \/><\/a><\/p>\n<p style=\"text-align: justify;\">Die Reitstunde ist f\u00fcr die Kinder jede Woche ein besonderes Erlebnis, auf das sich alle immer freuen. Die Arbeit mit dem Pferd und das Reiten an sich sprechen den Menschen ganzheitlich und \u00fcber alle Sinne an. Es fordert k\u00f6rperlich, emotional, geistig und sozial. Die Beziehung zum Pferd spielt im Heilp\u00e4dagogischen Reiten die tragende Rolle. Lern-Erfahrungen k\u00f6nnen auf die Gruppe \u00fcbertragen und ge\u00fcbt werden. Pers\u00f6nliche und soziale Entwicklung sind das Ziel. Die Umsetzung erfolgt durch den direkten Kontakt und Umgang mit dem Pferd, das Pflegen des Pferdes, \u00dcbungen am und auf dem gef\u00fchrten Pferd.<\/p>\n<p>&nbsp;<\/p>\n","protected":false},"excerpt":{"rendered":"<p>Der Primarbereich des F\u00f6rderschwerpunktes Geistige Entwicklung nimmt einmal w\u00f6chentlich am therapeutischen Reiten teil. Unter der fachkundigen Anleitung der Reitlehrerin Andrea Pahl k\u00f6nnen die Kinder vielf\u00e4ltige Erfahrungen an, auf und mit den Pferden \u201eMona\u201c und \u201eMiss Marple\u201c machen. Die Reitstunde ist &hellip; <a href=\"https:\/\/www.xn--mks-lningen-vfb.de\/?page_id=558\">Weiterlesen <span class=\"meta-nav\">&rarr;<\/span><\/a><\/p>\n","protected":false},"author":2,"featured_media":0,"parent":0,"menu_order":0,"comment_status":"closed","ping_status":"open","template":"","meta":{"footnotes":"","_links_to":"","_links_to_target":""},"class_list":["post-558","page","type-page","status-publish","hentry"],"_links":{"self":[{"href":"https:\/\/www.xn--mks-lningen-vfb.de\/index.php?rest_route=\/wp\/v2\/pages\/558","targetHints":{"allow":["GET"]}}],"collection":[{"href":"https:\/\/www.xn--mks-lningen-vfb.de\/index.php?rest_route=\/wp\/v2\/pages"}],"about":[{"href":"https:\/\/www.xn--mks-lningen-vfb.de\/index.php?rest_route=\/wp\/v2\/types\/page"}],"author":[{"embeddable":true,"href":"https:\/\/www.xn--mks-lningen-vfb.de\/index.php?rest_route=\/wp\/v2\/users\/2"}],"replies":[{"embeddable":true,"href":"https:\/\/www.xn--mks-lningen-vfb.de\/index.php?rest_route=%2Fwp%2Fv2%2Fcomments&post=558"}],"version-history":[{"count":4,"href":"https:\/\/www.xn--mks-lningen-vfb.de\/index.php?rest_route=\/wp\/v2\/pages\/558\/revisions"}],"predecessor-version":[{"id":9622,"href":"https:\/\/www.xn--mks-lningen-vfb.de\/index.php?rest_route=\/wp\/v2\/pages\/558\/revisions\/9622"}],"wp:attachment":[{"href":"https:\/\/www.xn--mks-lningen-vfb.de\/index.php?rest_route=%2Fwp%2Fv2%2Fmedia&parent=558"}],"curies":[{"name":"wp","href":"https:\/\/api.w.org\/{rel}","templated":true}]}}